{"id":22369,"date":"2017-08-08T20:24:30","date_gmt":"2017-08-08T23:24:30","guid":{"rendered":"http:\/\/eiengakumondojo.com.br\/main\/?page_id=22369"},"modified":"2025-08-04T13:34:34","modified_gmt":"2025-08-04T16:34:34","slug":"sensei","status":"publish","type":"page","link":"https:\/\/eiengakumondojo.com.br\/main\/sensei\/","title":{"rendered":"SENSEI"},"content":{"rendered":"[mk_page_section bg_image=&#8221;http:\/\/eiengakumondojo.com.br\/main\/wp-content\/uploads\/2017\/07\/karate-top.jpg&#8221; attachment=&#8221;fixed&#8221; bg_position=&#8221;center top&#8221; bg_stretch=&#8221;true&#8221; parallax=&#8221;true&#8221; color_mask=&#8221;#0a0a0a&#8221; mask_opacity=&#8221;0.8&#8243; padding=&#8221;120&#8243;][vc_column][mk_fancy_title tag_name=&#8221;h2&#8243; size=&#8221;60&#8243; color=&#8221;#9e9e9e&#8221; font_weight=&#8221;bold&#8221; text_transform=&#8221;none&#8221; font_family=&#8221;none&#8221; margin_top=&#8221;20&#8243; margin_bottom=&#8221;60&#8243; align=&#8221;center&#8221;]SENSEI[\/mk_fancy_title][\/vc_column][\/mk_page_section][vc_row][vc_column][mk_padding_divider size=&#8221;80&#8243;][\/vc_column][\/vc_row][vc_row][vc_column width=&#8221;1\/2&#8243;][mk_image src=&#8221;https:\/\/eiengakumondojo.com.br\/main\/wp-content\/uploads\/2024\/01\/FB_IMG_1667575369244.jpg&#8221; crop=&#8221;false&#8221; hover=&#8221;false&#8221;][\/vc_column][vc_column width=&#8221;1\/2&#8243;][mk_padding_divider size=&#8221;50&#8243;][vc_column_text]\n<div style=\"font-size: 25px; color: #4da3d6; line-height: 28px; font-weight: normal;\"><strong>Alexandre Luiz de Aguiar Moreno<\/strong><\/div>\n[\/vc_column_text][mk_padding_divider size=&#8221;15&#8243;][vc_column_text responsive_align=&#8221;left&#8221;]\n<ul>\n<li style=\"text-align: left; font-size: 18px; color: #999999; line-height: 25px;\">Karat\u00ea-do Shorin-ryu 6\u00ba Dan<\/li>\n<li style=\"text-align: left; font-size: 18px; color: #999999; line-height: 25px;\">Kobudo Matayoshi IMKA 2\u00ba Dan<\/li>\n<\/ul>\n[\/vc_column_text][mk_padding_divider][vc_column_text responsive_align=&#8221;left&#8221;]\n<p style=\"text-align: left; font-size: 18px; color: #999999; line-height: 25px;\"><strong>\u201cAntes de avaliarmos a capacidade de desenvolvimento t\u00e9cnico de um aluno, avaliemos a capacidade de desenvolvimento moral e \u00e9tico dessa pessoa. Esse ser\u00e1 um melhor come\u00e7o para formar as pr\u00f3ximas gera\u00e7\u00f5es marciais.\u201d<\/strong><\/p>\n[\/vc_column_text][\/vc_column][\/vc_row][vc_row][vc_column][mk_padding_divider size=&#8221;160&#8243;][\/vc_column][\/vc_row][vc_row][vc_column][vc_column_text]\n<div style=\"font-size: 35px; color: #4da3d6; line-height: 38px; font-weight: normal;\"><strong>Trajet\u00f3ria at\u00e9 se tornar SENSEI<\/strong><\/div>\n[\/vc_column_text][mk_padding_divider size=&#8221;10&#8243;][vc_separator color=&#8221;custom&#8221; accent_color=&#8221;#4da3d6&#8243;][\/vc_column][\/vc_row][vc_row][vc_column][mk_padding_divider size=&#8221;50&#8243;][\/vc_column][\/vc_row][vc_row][vc_column][vc_column_text responsive_align=&#8221;left&#8221;]\n<p style=\"font-size: 26px; color: #999999; line-height: 25px; text-align: left;\"><strong>Esfor\u00e7o pessoal que gerou resultados<\/strong><\/p>\n[\/vc_column_text][mk_padding_divider size=&#8221;20&#8243;][\/vc_column][\/vc_row][vc_row][vc_column width=&#8221;1\/2&#8243;][vc_column_text responsive_align=&#8221;left&#8221;]\n<p style=\"text-align: left; font-size: 18px; color: #999999; line-height: 25px;\">Desde muito novo, sempre gostou de filmes e s\u00e9ries sobre artes marciais (filmes com Bruce Lee, Chuck Norris, Jean Claude Van Damme), principalmente quando envolviam disputas usando armas e golpes diretos. Al\u00e9m disso, um de seus parentes foi praticante de Tae Kwon Do. Acabou se interessando em praticar, at\u00e9 que em 1992, com aproximadamente 13 anos, iniciou-se no Karat\u00ea-do, e desde ent\u00e3o, nunca parou.<\/p>\n<p style=\"text-align: left; font-size: 18px; color: #999999; line-height: 25px;\">Conheceu o Karat\u00ea-do em 03 de agosto de 1992, atrav\u00e9s do Sensei Lair Roberto Moretti, em Piracicaba\/SP. iniciou ainda bem garoto (aproximadamente 13 anos de idade), mas desde a primeira aula (talvez por isso guarde bem a data at\u00e9 hoje), sentiu uma energia muito forte durante os treinos, e logo nos primeiros meses de treino, j\u00e1 sentiu desejo em intensificar os treinamentos cada vez mais.<\/p>\n<p style=\"text-align: left; font-size: 18px; color: #999999; line-height: 25px;\">Com o passar do tempo, foi se interessando na parte competitiva do Karat\u00ea-do, e quando notou, j\u00e1 estava t\u00e3o envolvido com a arte, que chegava a se dedicar por mais de 5 horas di\u00e1rias aos treinamentos. Ao mesmo tempo, gra\u00e7as a um professor extremamente r\u00edgido e exigente, conseguiu manter equilibrado tanto o lado competitivo quanto o lado mais \u201cmarcial\u201d do Karat\u00ea-do (budo).<\/p>\n[\/vc_column_text][\/vc_column][vc_column width=&#8221;1\/2&#8243;][vc_column_text responsive_align=&#8221;left&#8221;]\n<p style=\"text-align: left; font-size: 18px; color: #999999; line-height: 25px;\">Ao atingir a faixa verde, j\u00e1 auxiliava seu professor com a academia, comandando treinamentos f\u00edsicos e t\u00e9cnicos, al\u00e9m de acompanh\u00e1-lo em diversos eventos em todo o estado de S\u00e3o Paulo.<\/p>\n<p style=\"text-align: left; font-size: 18px; color: #999999; line-height: 25px;\">Com pouco mais de 4 anos de pr\u00e1tica, em dezembro de 1996, j\u00e1 se encaminhava \u00e0 Santos\/SP para realizar o t\u00e3o sonhado exame para Faixa Preta, diante de banca examinadora da Uni\u00e3o Shorin-ryu Karat\u00ea-do Brasil, organizada \u00e0 \u00e9poca, pelo Gr\u00e3o Mestre Yoshihide Shinzato, tendo a honra de ser aprovado com apenas 17 anos.<\/p>\n<p style=\"text-align: left; font-size: 18px; color: #999999; line-height: 25px;\">No ano de 1997, teve a oportunidade de conhecer oficialmente o Kobudo, em um semin\u00e1rio na cidade de Araraquara, organizado pela FPK e ministrado pelo pr\u00f3prio Mestre Yoshihide Shinzato. Como a dist\u00e2ncia at\u00e9 Santos era grande e os recursos eram restritos, aproveitou ao m\u00e1ximo aquela oportunidade e continuou treinando o Kobudo em Piracicaba, informalmente.<\/p>\n<p style=\"text-align: left; font-size: 18px; color: #999999; line-height: 25px;\">Em 1998, conheceu o Sensei Gilson Nunes da Silva, grande amigo do Sensei Lair Moretti, e foi convidado a praticar o Kobudo oficialmente, dentro da Associa\u00e7\u00e3o Muguen-Kan, de Cotia\/SP. Apesar da dist\u00e2ncia, ia sozinho, semanalmente, para buscar o Kobudo Shinshukan.<\/p>\n[\/vc_column_text][\/vc_column][\/vc_row][vc_row][vc_column][mk_padding_divider size=&#8221;130&#8243;][\/vc_column][\/vc_row][vc_row][vc_column][vc_column_text responsive_align=&#8221;left&#8221;]\n<p style=\"font-size: 26px; color: #999999; line-height: 25px; text-align: left;\"><strong>Desafios da arte de ensinar e aprender ao mesmo tempo<\/strong><\/p>\n[\/vc_column_text][mk_padding_divider size=&#8221;20&#8243;][\/vc_column][\/vc_row][vc_row][vc_column][vc_column_text responsive_align=&#8221;left&#8221;]\n<p style=\"text-align: left; font-size: 18px; color: #999999; line-height: 25px;\">Dois anos depois, j\u00e1 no ano 2000, com autoriza\u00e7\u00e3o do Sensei Gilson Nunes, come\u00e7ou a lecionar o Kobudo em Piracicaba, visto que n\u00e3o havia nenhum representante ativo desta arte na regi\u00e3o.<\/p>\n<p style=\"text-align: left; font-size: 18px; color: #999999; line-height: 25px;\">Infelizmente, devido ao fato da arte marcial n\u00e3o ser sua atividade profissional predominante, acabou por interromper as aulas em Piracicaba, no ano de 2003. Continuou praticando o Karat\u00ea-do e o Kobudo da mesma forma, sempre buscando professores qualificados nas regi\u00f5es em que estivesse, como Sensei Gilson Nunes em Cotia\/SP, Sensei Jos\u00e9 Luis Machado, Sensei Alberto Yamamoto e Sensei Mitsuhide Shinzato, em S\u00e3o Paulo\/SP, Sensei Rui Parente, em Uberlandia\/MG, Sensei Larry Burns, em Muscatine\/IA\/USA, entre tantos outros excelentes Senseis que p\u00f4de conhecer durante esses anos.<\/p>\n<p style=\"text-align: left; font-size: 18px; color: #999999; line-height: 25px;\">Em 2011 retornou \u00e0 Piracicaba, voltando aos treinamentos na Associa\u00e7\u00e3o Moretti, (ano tamb\u00e9m em que foi aprovado, em exame realizado pela SHINSHUKAN, para a gradua\u00e7\u00e3o de 5\u00ba Dan em Karat\u00ea-do) onde permaneceu at\u00e9 2014, quando tomou a decis\u00e3o de iniciar seu pr\u00f3prio Dojo, a Eien Gakumon Dojo, e resgatar as aulas de Karat\u00ea-do e Kobudo, desta vez, de forma independente.<\/p>\n<p style=\"text-align: left; font-size: 18px; color: #999999; line-height: 25px;\">Em Novembro de 2014, recebeu a gradua\u00e7\u00e3o de faixa preta shodan em Kobudo Shinshukan, em exame realizado pela SHINSHUKAN. Em Novembro de 2016, foi promovido a 2\u00ba Dan, pela mesma entidade.<\/p>\n<p style=\"text-align: left; font-size: 18px; color: #999999; line-height: 25px;\">Em Agosto de 2017, recebeu a gradua\u00e7\u00e3o de 6\u00ba Dan, em Karat\u00ea-do, exame realizado oficialmente, pela SHINSHUKAN.<\/p>\n<p style=\"text-align: left; font-size: 18px; color: #999999; line-height: 25px;\">Em Novembro de 2019, recebeu a gradua\u00e7\u00e3o de 3o Dan, em Kobudo, em exame realizado oficialmente pela SHINSHUKAN, tornando-se respons\u00e1vel t\u00e9cnico em Kobudo.<\/p>\n<p style=\"text-align: left; font-size: 18px; color: #999999; line-height: 25px;\">Em Janeiro de 2022 decide se afastar da linhagem de Kobudo praticada pela escola Shinshukan e passa a integrar a IMKA (International Matayoshi Kobudo Association) liderada pelo Mestre Andrea Guarelli, atualmente hanshi 9o Dan em Kobudo Matayoshi, t\u00edtulo homologado pelo Mestre Shuusei Maeshiro, de Okinawa.<\/p>\n<p style=\"text-align: left; font-size: 18px; color: #999999; line-height: 25px;\">Em Janeiro de 2023, ap\u00f3s um ano de intensivos treinamentos, recebe a faixa preta 1o Dan em Kobudo Matayoshi, e o t\u00edtulo de Shidoin (instrutor) pela IMKA.<\/p>\n<p style=\"text-align: left; font-size: 18px; color: #999999; line-height: 25px;\">Em Setembro de 2023, ap\u00f3s viagem de interc\u00e2mbio de karat\u00ea e kobudo em Okinawa, formaliza e estabelece rela\u00e7\u00f5es diretas com a Okinawa Shorin-ryu Karate Kyokai, gerando assim um v\u00ednculo para corre\u00e7\u00e3o e aprendizado diretamente com as origens do karat\u00ea Shorin-ryu, em Okinawa.<\/p>\n<p style=\"text-align: left; font-size: 18px; color: #999999; line-height: 25px;\">Em janeiro de 2025, ap\u00f3s a realiza\u00e7\u00e3o do primeiro semin\u00e1rio internacional de Kobudo IMKA, com a presen\u00e7a do Gr\u00e3o Mestre Andrea Guarelli pela primeira vez no Brasil , recebe a gradua\u00e7\u00e3o de 2o Dan em Kobudo Matayoshi pela IMKA, com reconhecimento pela Okinawa Ken Kobudo Federation.<\/p>\n[\/vc_column_text][mk_image src=&#8221;https:\/\/eiengakumondojo.com.br\/main\/wp-content\/uploads\/2024\/01\/DSC_0034-scaled.jpg&#8221; hover=&#8221;false&#8221; align=&#8221;center&#8221;][\/vc_column][\/vc_row][vc_row][vc_column][mk_padding_divider size=&#8221;130&#8243;][\/vc_column][\/vc_row][vc_row][vc_column][vc_column_text responsive_align=&#8221;left&#8221;]\n<p style=\"font-size: 26px; color: #999999; line-height: 25px; text-align: left;\"><strong>Competi\u00e7\u00f5es e o legado marcial<\/strong><\/p>\n[\/vc_column_text][mk_padding_divider size=&#8221;20&#8243;][\/vc_column][\/vc_row][vc_row][vc_column width=&#8221;1\/2&#8243;][vc_column_text responsive_align=&#8221;left&#8221;]\n<p style=\"text-align: left; font-size: 18px; color: #999999; line-height: 25px;\">At\u00e9 hoje ainda se mant\u00e9m ativo na \u00e1rea competitiva, da qual sempre gostou muito, mas sem abandonar os ensinamentos marciais, disciplina e respeito, que regem o budo do Karat\u00ea-do e Kobudo.<\/p>\n<p style=\"text-align: left; font-size: 18px; color: #999999; line-height: 25px;\">Acredita que as principais conquistas obtidas por ele, no \u00e2mbito competitivo, tenham sido um 5o lugar no The 1st Okinawa Karate International Torunament, na categoria de kobudo (Sai) em 2018, e um quadruplo ouro no Mundialito SHINSHUKAN 2019 (ouro em kata Karate, e tr\u00eas ouros em kobudo &#8211; bo, sai e kama), al\u00e9m de um bi-campeonato brasileiro de Kobudo, nas cinco armas utilizadas em sua escola (bo, nunchaku, tonfa\/tunqua, sai e kama), entre diversos t\u00edtulos estaduais tanto em Karat\u00ea-do quanto em Kobudo.<\/p>\n<p style=\"text-align: left; font-size: 18px; color: #999999; line-height: 25px;\">No que diz respeito aos ensinamentos e treinamentos de Karat\u00ea-do e Kobudo, busca sempre passar aos alunos n\u00e3o apenas uma luta ou meramente uma forma de se defender.<\/p>\n[\/vc_column_text][\/vc_column][vc_column width=&#8221;1\/2&#8243;][vc_column_text responsive_align=&#8221;left&#8221;]\n<p style=\"text-align: left; font-size: 18px; color: #999999; line-height: 25px;\">Acredita que o praticante de arte marcial, deve ser, antes de um ex\u00edmio lutador, uma pessoa \u00fatil \u00e0 sociedade, correta e polida, ent\u00e3o as aulas referem-se aos princ\u00edpios b\u00e1sicos deixados pelo gr\u00e3o mestre em seu dojo-kun:<\/p>\n<p style=\"text-align: left; font-size: 18px; color: #999999; line-height: 25px;\"><strong>Respeito, Sinceridade, Esfor\u00e7o, Responsabilidade e Alegria. <\/strong><\/p>\n<p style=\"text-align: left; font-size: 18px; color: #999999; line-height: 25px;\">Esses s\u00e3o ingredientes fundamentais, principalmente para crian\u00e7as e adolescentes que se iniciam na arte marcial, para um futuro mais sadio \u00e0 todos.<\/p>\n[\/vc_column_text][\/vc_column][\/vc_row][vc_row][vc_column width=&#8221;1\/2&#8243;][mk_image_box src=&#8221;http:\/\/eiengakumondojo.com.br\/main\/wp-content\/uploads\/2019\/01\/DSC_0022.jpg&#8221;]Sensei Alexandre Moreno no Hombu Dojo Shorin-ryu &#8211; Okinawa\/2018[\/mk_image_box][\/vc_column][vc_column width=&#8221;1\/2&#8243;][mk_image_box src=&#8221;http:\/\/eiengakumondojo.com.br\/main\/wp-content\/uploads\/2019\/01\/DSC_0007.jpg&#8221;]Delega\u00e7\u00e3o brasileira para semin\u00e1rio de Kobudo com Mestre Seisho Itokazu &#8211; Okinawa\/2018[\/mk_image_box][\/vc_column][\/vc_row][vc_row css=&#8221;.vc_custom_1548178224550{padding-top: 0px !important;padding-right: 0px !important;padding-bottom: 0px !important;padding-left: 0px !important;}&#8221;][vc_column][mk_padding_divider size=&#8221;160&#8243;][\/vc_column][\/vc_row][vc_row][vc_column][vc_column_text]\n<div style=\"font-size: 35px; color: #4da3d6; line-height: 38px; font-weight: normal;\"><strong>Treinamentos Internacionais<\/strong><\/div>\n[\/vc_column_text][mk_padding_divider size=&#8221;10&#8243;][vc_separator color=&#8221;custom&#8221; accent_color=&#8221;#4da3d6&#8243;][\/vc_column][\/vc_row][vc_row][vc_column][mk_padding_divider size=&#8221;15&#8243;][\/vc_column][\/vc_row][vc_row][vc_column][vc_column_text responsive_align=&#8221;left&#8221;]\n<p style=\"text-align: left; font-size: 18px; color: #999999; line-height: 25px;\">&#8211; Kobudo: Sensei Alejandro Belmar &#8211; Chile\/2023<br \/>\n&#8211; Karate-do: Mestre Morinobu Maeshiro &#8211; Okinawa\/2023<br \/>\n&#8211; Kobudo: Mestre Tsuneo Shimabukuro &#8211; Okinawa\/2023<br \/>\n&#8211; Kobudo: Mestre Andrea Guarelli &#8211; It\u00e1lia\/2023<br \/>\n&#8211; Kobudo: Mestre Andrea Guarelli \u2013 Chile\/2022<br \/>\n&#8211; Kobudo: Mestre Andrea Guarelli \u2013 Italia\/2022<br \/>\n&#8211; Karat\u00ea-do: Mestre Morinobu Maeshiro \u2013 Argentina\/2020<br \/>\n&#8211; Kobudo: Mestre Kiyoshi Tsuha \u2013 Argentina\/2020<br \/>\n&#8211; Karat\u00ea-do: Mestre Morinobu Maeshiro \u2013 Brasil\/2020<br \/>\n&#8211; Kobudo: Mestre Kiyoshi Tsuha \u2013 Brasil\/2020<br \/>\n&#8211; Karat\u00ea-do: Mestre Morinobu Maeshiro \u2013 Okinawa\/2018<br \/>\n&#8211; Karat\u00ea-do: Mestre Takeshi Miyagi \u2013 Okinawa\/2018<br \/>\n&#8211; Kobudo: Mestre Seisho Itokazu \u2013 Okinawa\/2018<br \/>\n&#8211; Kobudo: Mestre Masahiro Nakamoto \u2013 Okinawa\/2018<br \/>\n&#8211; Karat\u00ea-do: Mestre Morinobu Maeshiro &#8211; Argentina\/2017<br \/>\n&#8211; Karat\u00ea-do: Mestre Morinobu Maeshiro &#8211; Brasil\/2017<br \/>\n&#8211; Kobudo: Mestre Kiyoshi Tsuha &#8211; Argentina\/2017<br \/>\n&#8211; Kobudo: Mestre Kiyoshi Tsuha &#8211; Brasil\/2017<br \/>\n&#8211; Karat\u00ea-do: Mestre Morinobu Maeshiro &#8211; Argentina\/2015<br \/>\n&#8211; Kobudo: Mestre Yoshikazu Shiroma &#8211; Brasil\/2015<br \/>\n&#8211; Karat\u00ea-do: Mestre Morinobu Maeshiro &#8211; Brasil\/2013<br \/>\n&#8211; Kobudo: Mestre Mamoru Nakamoto &#8211; Brasil\/2013<br \/>\n&#8211; Karat\u00ea-do: Renshi Larry Burns (Shorin-ryu Matsubayashi) &#8211; USA\/2010 e 2011<br \/>\n&#8211; Kobudo: Mestre Yoshikazu Shiroma &#8211; Brasil\/2010<br \/>\n&#8211; Karat\u00ea-do: Mestre Sadashige Kato, Sadamu Uriu e Bruno Koller &#8211; Brazil\/1998<\/p>\n[\/vc_column_text][\/vc_column][\/vc_row][vc_row][vc_column][mk_padding_divider size=&#8221;160&#8243;][\/vc_column][\/vc_row][vc_row][vc_column][vc_column_text]\n<div style=\"font-size: 35px; color: #4da3d6; line-height: 38px; font-weight: normal;\"><strong>Como ministra suas aulas<\/strong><\/div>\n[\/vc_column_text][mk_padding_divider size=&#8221;10&#8243;][vc_separator color=&#8221;custom&#8221; accent_color=&#8221;#4da3d6&#8243;][\/vc_column][\/vc_row][vc_row][vc_column][mk_padding_divider size=&#8221;15&#8243;][\/vc_column][\/vc_row][vc_row][vc_column][vc_column_text responsive_align=&#8221;left&#8221;]\n<p style=\"text-align: left; font-size: 18px; color: #999999; line-height: 25px;\">Durante as aulas, busca passar aos alunos conceitos n\u00e3o apenas marciais, mas tamb\u00e9m filos\u00f3ficos, para que, mesmo que um dia, j\u00e1 n\u00e3o tenham condi\u00e7\u00f5es f\u00edsicas de praticar o Karat\u00ea-do \/ Kobudo, possam continuar estudando e aprendendo com os ensinamentos deixados pelos grandes mestres do passado.<\/p>\n<p style=\"text-align: left; font-size: 18px; color: #999999; line-height: 25px;\">Na parte t\u00e9cnica, evita especializar muito o treinamento, pois acredita que isso sempre causa alguma perda em outras partes do aprendizado. Busca sempre balancear bem as aulas entre as partes de condicionamento f\u00edsico, kihon, kata, kumite e bunkai, de forma que tanto iniciantes quanto alunos mais avan\u00e7ados estejam sempre motivados e participativos nos treinos.<\/p>\n<p style=\"text-align: left; font-size: 18px; color: #999999; line-height: 25px;\">No que tange a carreira dos alunos, busca respeitar os limites de cada pessoa dentro da arte marcial, tornando o processo de aprendizado mais natural e fluido. Aos que desejam seguir carreira esportiva, existem treinamentos extras dedicados a isso, assim como \u00e0queles que desejam se tornar professores no futuro, ter\u00e3o tamb\u00e9m alguns itens a mais para praticar.<\/p>\n[\/vc_column_text][\/vc_column][\/vc_row][vc_row][vc_column][mk_padding_divider size=&#8221;160&#8243;][\/vc_column][\/vc_row][vc_row][vc_column][vc_column_text]\n<div style=\"font-size: 35px; color: #4da3d6; line-height: 38px; font-weight: normal;\"><strong>Projetos sociais<\/strong><\/div>\n[\/vc_column_text][mk_padding_divider size=&#8221;10&#8243;][vc_separator color=&#8221;custom&#8221; accent_color=&#8221;#4da3d6&#8243;][\/vc_column][\/vc_row][vc_row][vc_column][mk_padding_divider size=&#8221;15&#8243;][\/vc_column][\/vc_row][vc_row][vc_column][vc_column_text responsive_align=&#8221;left&#8221;]\n<p style=\"text-align: left; font-size: 18px; color: #999999; line-height: 25px;\">No momento, oferece um programa de \u201cbolsa de estudos\u201d para crian\u00e7as comprovadamente carentes, de at\u00e9 12 anos de idade, para que treinem o Karat\u00ea-do, mediante alguns termos acordados (frequ\u00eancia escolar, comportamento junto \u00e0 sociedade, entre outros) com os pais ou respons\u00e1veis.<\/p>\n[\/vc_column_text][\/vc_column][\/vc_row][vc_row][vc_column][mk_padding_divider size=&#8221;180&#8243;][\/vc_column][\/vc_row][mk_page_section bg_image=&#8221;http:\/\/eiengakumondojo.com.br\/main\/wp-content\/uploads\/2014\/11\/hawaii-karatedo-header-1-e1489802685725.jpg&#8221; attachment=&#8221;fixed&#8221; bg_position=&#8221;center center&#8221; bg_stretch=&#8221;true&#8221; parallax=&#8221;true&#8221; color_mask=&#8221;#0a0a0a&#8221; mask_opacity=&#8221;0.8&#8243; padding=&#8221;120&#8243;][vc_column width=&#8221;1\/2&#8243;][mk_padding_divider size=&#8221;60&#8243;][mk_image src=&#8221;http:\/\/eiengakumondojo.com.br\/main\/wp-content\/uploads\/2022\/12\/logo-branco-1-e1670167467600.png&#8221; image_width=&#8221;300&#8243; image_height=&#8221;300&#8243; crop=&#8221;false&#8221; hover=&#8221;false&#8221; circular=&#8221;true&#8221; align=&#8221;center&#8221; group=&#8221;_general&#8221;][\/vc_column][vc_column width=&#8221;1\/2&#8243;][mk_padding_divider size=&#8221;160&#8243;][vc_row_inner][vc_column_inner width=&#8221;1\/6&#8243;][mk_image src=&#8221;http:\/\/eiengakumondojo.com.br\/main\/wp-content\/uploads\/2020\/08\/whatsapp.png&#8221; image_width=&#8221;40&#8243; image_height=&#8221;40&#8243; hover=&#8221;false&#8221; circular=&#8221;true&#8221;][\/vc_column_inner][vc_column_inner width=&#8221;5\/6&#8243;][mk_fancy_text color=&#8221;#4da3d6&#8243; highlight_color=&#8221;#000000&#8243; highlight_opacity=&#8221;0&#8243; font_weight=&#8221;bold&#8221; font_family=&#8221;none&#8221;]\n<p>(19) 99947-6175<\/p>\n[\/mk_fancy_text][\/vc_column_inner][\/vc_row_inner][mk_padding_divider size=&#8221;10&#8243;][vc_column_text]\n<div style=\"font-size: 21px; color: #4da3d6; line-height: 26px; font-weight: normal;\">Eien<strong> Gakumon Dojo<\/strong><br \/>\nRua Noel Rosa, 72 &#8211; Piracicaba\/SP<\/div>\n[\/vc_column_text][mk_padding_divider size=&#8221;20&#8243;][vc_row_inner][vc_column_inner width=&#8221;1\/4&#8243;][mk_fancy_text color=&#8221;#4da3d6&#8243; highlight_color=&#8221;#000000&#8243; highlight_opacity=&#8221;0&#8243; font_weight=&#8221;bold&#8221; font_family=&#8221;none&#8221;]Filiada \u00e0:[\/mk_fancy_text][\/vc_column_inner][vc_column_inner width=&#8221;1\/4&#8243;][mk_image src=&#8221;http:\/\/eiengakumondojo.com.br\/main\/wp-content\/uploads\/2022\/12\/Confedera\u00e7\u00e3o_Brasileira_de_Karat\u00ea.png&#8221; image_width=&#8221;60&#8243; image_height=&#8221;70&#8243; hover=&#8221;false&#8221;][\/vc_column_inner][vc_column_inner width=&#8221;1\/4&#8243;][mk_image src=&#8221;http:\/\/eiengakumondojo.com.br\/main\/wp-content\/uploads\/2022\/12\/logo-fpk-g.png&#8221; image_width=&#8221;60&#8243; image_height=&#8221;70&#8243; hover=&#8221;false&#8221;][\/vc_column_inner][vc_column_inner width=&#8221;1\/4&#8243;][mk_image src=&#8221;http:\/\/eiengakumondojo.com.br\/main\/wp-content\/uploads\/2023\/01\/matayoshi.jpg&#8221; image_width=&#8221;60&#8243; image_height=&#8221;70&#8243; hover=&#8221;false&#8221;][\/vc_column_inner][\/vc_row_inner][\/vc_column][\/mk_page_section]\n","protected":false},"excerpt":{"rendered":"<p>[mk_page_section bg_image=&#8221;http:\/\/eiengakumondojo.com.br\/main\/wp-content\/uploads\/2017\/07\/karate-top.jpg&#8221; attachment=&#8221;fixed&#8221; bg_position=&#8221;center top&#8221; bg_stretch=&#8221;true&#8221; parallax=&#8221;true&#8221; color_mask=&#8221;#0a0a0a&#8221; mask_opacity=&#8221;0.8&#8243; padding=&#8221;120&#8243;][vc_column][mk_fancy_title tag_name=&#8221;h2&#8243; size=&#8221;60&#8243; color=&#8221;#9e9e9e&#8221; font_weight=&#8221;bold&#8221; text_transform=&#8221;none&#8221; font_family=&#8221;none&#8221; margin_top=&#8221;20&#8243; margin_bottom=&#8221;60&#8243; align=&#8221;center&#8221;]SENSEI[\/mk_fancy_title][\/vc_column][\/mk_page_section][vc_row][vc_column][mk_padding_divider size=&#8221;80&#8243;][\/vc_column][\/vc_row][vc_row][vc_column width=&#8221;1\/2&#8243;][mk_image src=&#8221;https:\/\/eiengakumondojo.com.br\/main\/wp-content\/uploads\/2024\/01\/FB_IMG_1667575369244.jpg&#8221; crop=&#8221;false&#8221; hover=&#8221;false&#8221;][\/vc_column][vc_column width=&#8221;1\/2&#8243;][mk_padding_divider size=&#8221;50&#8243;][vc_column_text] Alexandre Luiz de Aguiar Moreno [\/vc_column_text][mk_padding_divider size=&#8221;15&#8243;][vc_column_text responsive_align=&#8221;left&#8221;] Karat\u00ea-do Shorin-ryu 6\u00ba Dan Kobudo Matayoshi IMKA 2\u00ba Dan [\/vc_column_text][mk_padding_divider][vc_column_text responsive_align=&#8221;left&#8221;] \u201cAntes de avaliarmos a capacidade de desenvolvimento t\u00e9cnico de um [&hellip;]<\/p>\n","protected":false},"author":1,"featured_media":0,"parent":0,"menu_order":0,"comment_status":"open","ping_status":"open","template":"","meta":{"footnotes":""},"class_list":["post-22369","page","type-page","status-publish","hentry"],"_links":{"self":[{"href":"https:\/\/eiengakumondojo.com.br\/main\/wp-json\/wp\/v2\/pages\/22369","targetHints":{"allow":["GET"]}}],"collection":[{"href":"https:\/\/eiengakumondojo.com.br\/main\/wp-json\/wp\/v2\/pages"}],"about":[{"href":"https:\/\/eiengakumondojo.com.br\/main\/wp-json\/wp\/v2\/types\/page"}],"author":[{"embeddable":true,"href":"https:\/\/eiengakumondojo.com.br\/main\/wp-json\/wp\/v2\/users\/1"}],"replies":[{"embeddable":true,"href":"https:\/\/eiengakumondojo.com.br\/main\/wp-json\/wp\/v2\/comments?post=22369"}],"version-history":[{"count":30,"href":"https:\/\/eiengakumondojo.com.br\/main\/wp-json\/wp\/v2\/pages\/22369\/revisions"}],"predecessor-version":[{"id":30698,"href":"https:\/\/eiengakumondojo.com.br\/main\/wp-json\/wp\/v2\/pages\/22369\/revisions\/30698"}],"wp:attachment":[{"href":"https:\/\/eiengakumondojo.com.br\/main\/wp-json\/wp\/v2\/media?parent=22369"}],"curies":[{"name":"wp","href":"https:\/\/api.w.org\/{rel}","templated":true}]}}